{"id":27256,"date":"2019-03-18T14:53:24","date_gmt":"2019-03-18T13:53:24","guid":{"rendered":"https:\/\/www.asd-int.com\/?page_id=27256"},"modified":"2019-03-18T14:54:32","modified_gmt":"2019-03-18T13:54:32","slug":"test","status":"publish","type":"page","link":"https:\/\/www.asd-int.com\/nl\/test\/","title":{"rendered":"test"},"content":{"rendered":"<span><span><a href=\"https:\/\/www.asd-int.com\/nl\/\">ASD Group<\/a><\/span><\/span>\n<p>D\u00e9finition du repr\u00e9sentant fiscal<\/p>\n<p>Le repr\u00e9sentant fiscal est d\u00e9sign\u00e9 par les soci\u00e9t\u00e9s assujetties \u00e9tablies hors Union europ\u00e9enne afin d\u2019assurer la prise en charge de toutes les formalit\u00e9s li\u00e9es \u00e0 l&#8217;immatriculation \u00e0 la TVA au sein de l\u2019Union Europ\u00e9enne. Il est responsable devant les administrations, et s&#8217;engage \u00e0 accomplir les obligations d\u00e9claratives incombant \u00e0 son client et de garantir le respect de la l\u00e9gislation fiscale.<\/p>\n<p>T\u00e9l\u00e9charger le livre blanc<\/p>\n<p>T\u00e9l\u00e9charger notre brochure<\/p>\n<p>Le repr\u00e9sentant fiscal : Une s\u00e9curit\u00e9 pour vous<\/p>\n<p>Vous \u00eates une soci\u00e9t\u00e9 non \u00e9tablie dans l&#8217;Union europ\u00e9enne, vous devez engager des op\u00e9rations taxables (soumises \u00e0 la TVA) dans l&#8217;un des \u00c9tats membres de l&#8217;Union europ\u00e9enne.<br \/>\nLa directive europ\u00e9enne 2006\/112\/CE oblige les soci\u00e9t\u00e9s tierces qui r\u00e9alisent des op\u00e9rations taxables en Europe \u00e0 utiliser les services d&#8217;un repr\u00e9sentant fiscal pour prendre en charge toutes les formalit\u00e9s fiscales et administratives.<br \/>\nL&#8217;Union europ\u00e9enne a mis en place cette obligation pour garantir un gage de qualit\u00e9 et s\u00e9curiser la gestion de la TVA. Le repr\u00e9sentant est en charge d&#8217;assurer la conformit\u00e9 fiscale de la soci\u00e9t\u00e9 tierce, de v\u00e9rifier les flux de marchandises et de facturation, et de d\u00e9poser les d\u00e9clarations de TVA en bonne et due forme. Le repr\u00e9sentant engage sa responsabilit\u00e9 aupr\u00e8s des services des imp\u00f4ts. Son service inclut :<\/p>\n<p>L\u2019identification fiscale de votre soci\u00e9t\u00e9 pour obtenir un num\u00e9ro de TVA<br \/>\nLa v\u00e9rification et le traitement de vos documents fiscaux<br \/>\nL\u2019\u00e9tablissement des d\u00e9clarations de TVA locales La saisie et le d\u00e9p\u00f4t des D\u00e9clarations d\u2019\u00e9changes de biens et\/ou de services \/ Intrastats<br \/>\nLa gestion des demandes de remboursement de TVA<br \/>\nVous Assister en cas de contr\u00f4le fiscal<br \/>\nLe lien entre la soci\u00e9t\u00e9 tierce et les administrations locales<br \/>\nLe suivi des r\u00e9glementations fiscales europ\u00e9ennes et locales\n<\/p>\n<p>LES NOTIONS \u00c0 RETENIR<\/p>\n<p>Le repr\u00e9sentant fiscal se charge d&#8217;immatriculer \u00e0 la TVA la soci\u00e9t\u00e9 tierce en Europe.<\/p>\n<p>La repr\u00e9sentation fiscale vous permet d&#8217;op\u00e9rer comme une soci\u00e9t\u00e9 europ\u00e9enne, sans les contraintes.<\/p>\n<p>Vous avez besoin d&#8217;un repr\u00e9sentant fiscale ?Vous souhaitez cr\u00e9er une soci\u00e9t\u00e9 ?<\/p>\n<p>Contactez-nous<\/p>\n<p>Ce que ASD Group peut faire pour vous<\/p>\n<p>En tant que votre repr\u00e9sentant fiscal, ASD Group sera l&#8217;interlocuteur privil\u00e9gi\u00e9 des administrations fiscales et douani\u00e8res pour r\u00e9pondre \u00e0 toute question vous concernant, et d\u00e9fendra vos int\u00e9r\u00eats aupr\u00e8s des administrations fiscales en France et en collaboration avec nos partenaires dans 24 pays dans le monde.<br \/>\nLes experts d&#8217;ASD Group sont \u00e0 votre disposition pour simplifier le traitement de vos op\u00e9rations imposables \u00e0 l\u2019\u00e9tranger et vous apporter une aide concr\u00e8te pour trouver une solution aux difficult\u00e9s rencontr\u00e9es.<\/p>\n<p>Recommendation de l&#8217;option \u00e0 mettre en place pour votre activit\u00e9 au Maroc<\/p>\n<p>Analyse et contr\u00f4le mensuel de toutes les factures d&#8217;achats et de ventes en Europe<\/p>\n<p>Etablissement et d\u00e9p\u00f4t des d\u00e9clarations de TVA au rythme d\u00e9clarative du pays<\/p>\n<p>D\u00e9p\u00f4t des d\u00e9clarations Intrastat si les seuils sont d\u00e9pass\u00e9s<\/p>\n<p>Assistance lors d\u2019un contr\u00f4le fiscal ou douanier<\/p>\n<p>Un interlocuteur unique parlant votre langue suit votre dossier de A \u00e0 Z<\/p>\n<p><!-- {\"name\":\"page service\",\"type\":\"layout\",\"children\":[{\"name\":\"Header Title\",\"type\":\"section\",\"props\":{\"style\":\"default\",\"width\":\"default\",\"vertical_align\":\"middle\",\"title_position\":\"top-left\",\"title_rotation\":\"left\",\"title_breakpoint\":\"xl\",\"image_position\":\"center-center\",\"header_transparent\":\"\",\"header_transparent_noplaceholder\":true,\"image\":\"wp-content\\\/uploads\\\/2017\\\/11\\\/background-wheel-home.jpg\",\"text_color\":\"light\",\"padding\":\"small\",\"image_size\":\"cover\"},\"children\":[{\"name\":\"\",\"type\":\"row\",\"props\":{\"fixed_width\":\"large\",\"breakpoint\":\"m\",\"layout\":\",\",\"width\":\"default\"},\"children\":[{\"name\":\"\",\"type\":\"column\",\"props\":{\"widths\":[\"\"],\"image_position\":\"center-center\"}},{\"name\":\"\",\"type\":\"column\",\"props\":{\"widths\":[\"\"],\"image_position\":\"center-center\"},\"children\":[{\"name\":\"Breadcrumbs\",\"type\":\"text\",\"props\":{\"margin\":\"default\",\"column_breakpoint\":\"m\",\"content\":\"\n\n<p>[wpseo_breadcrumb]<\\\/p>\",\"css\":\".el-element {\\n text-transform: uppercase;   \\n}\"}},{\"name\":\"\",\"type\":\"wordpress_area\",\"props\":{\"layout\":\"stack\",\"breakpoint\":\"m\",\"content\":\"builder-1\"}}]}]}]},{\"name\":\"\",\"type\":\"section\",\"props\":{\"style\":\"muted\",\"width\":\"default\",\"vertical_align\":\"middle\",\"title_position\":\"top-left\",\"title_rotation\":\"left\",\"title_breakpoint\":\"xl\",\"image_position\":\"center-center\"},\"children\":[{\"name\":\"\",\"type\":\"row\",\"props\":{\"fixed_width\":\"large\",\"breakpoint\":\"m\",\"layout\":\",2-3\",\"vertical_align\":false,\"match\":true},\"children\":[{\"name\":\"\",\"type\":\"column\",\"props\":{\"widths\":[\"\"],\"image_position\":\"center-center\",\"image\":\"wp-content\\\/uploads\\\/2018\\\/01\\\/3124fefe0.jpg\",\"image_size\":\"contain\",\"image_width\":\"550\",\"image_height\":\"450\"}},{\"name\":\"\",\"type\":\"column\",\"props\":{\"widths\":[\"2-3\"],\"image_position\":\"center-center\"},\"children\":[{\"name\":\"\",\"type\":\"headline\",\"props\":{\"title_element\":\"h2\",\"content\":\"D\\u00e9finition du repr\\u00e9sentant fiscal\",\"text_align\":\"left\",\"title_style\":\"\",\"title_color\":\"primary\",\"title_decoration\":\"\"}},{\"name\":\"\",\"type\":\"text\",\"props\":{\"margin\":\"default\",\"column_breakpoint\":\"m\",\"content\":\"\n\n<p style=\\\"text-align: justify;\\\">Le repr\\u00e9sentant fiscal est d\\u00e9sign\\u00e9 par les soci\\u00e9t\\u00e9s assujetties \\u00e9tablies hors Union europ\\u00e9enne afin d\\u2019assurer la prise en charge de toutes les formalit\\u00e9s li\\u00e9es \\u00e0 l'immatriculation \\u00e0 la TVA au sein de l\\u2019Union Europ\\u00e9enne. Il est responsable devant les administrations, et s'engage \\u00e0 accomplir les obligations d\\u00e9claratives incombant \\u00e0 son client et de garantir le respect de la l\\u00e9gislation fiscale.<\\\/p>\",\"text_align\":\"\",\"text_size\":\"\",\"text_style\":\"lead\"}},{\"name\":\"\",\"type\":\"button\",\"props\":{\"gutter\":\"small\",\"margin\":\"default\",\"text_align\":\"center\"},\"children\":[{\"name\":\"\",\"type\":\"button_item\",\"props\":{\"button_style\":\"primary\",\"icon_align\":\"left\",\"content\":\"T\\u00e9l\\u00e9charger le livre blanc\",\"link\":\"livre-blanc-representation-fiscal-en-europe\\\/\",\"icon\":\"file-edit\",\"link_target\":\"blank\"}},{\"name\":\"\",\"type\":\"button_item\",\"props\":{\"button_style\":\"primary\",\"icon_align\":\"left\",\"content\":\"T\\u00e9l\\u00e9charger notre brochure\",\"link\":\"wp-content\\\/uploads\\\/2018\\\/01\\\/brochure-representation-fiscale-en-fr.pdf\",\"icon\":\"file-edit\",\"link_target\":\"blank\"}}]}]}]}]},{\"name\":\"\",\"type\":\"section\",\"props\":{\"style\":\"default\",\"width\":\"default\",\"vertical_align\":\"middle\",\"title_position\":\"top-left\",\"title_rotation\":\"left\",\"title_breakpoint\":\"xl\",\"image_position\":\"center-center\"},\"children\":[{\"name\":\"\",\"type\":\"row\",\"props\":{\"fixed_width\":\"large\",\"breakpoint\":\"m\",\"layout\":\"1-1\"},\"children\":[{\"name\":\"\",\"type\":\"column\",\"props\":{\"widths\":[\"1-1\"],\"image_position\":\"center-center\"},\"children\":[{\"name\":\"\",\"type\":\"headline\",\"props\":{\"title_element\":\"h2\",\"content\":\"Le repr\\u00e9sentant fiscal : Une s\\u00e9curit\\u00e9 pour vous\",\"text_align\":\"center\"}},{\"name\":\"\",\"type\":\"divider\",\"props\":{\"divider_element\":\"hr\",\"divider_style\":\"icon\",\"maxwidth\":\"medium\",\"maxwidth_align\":\"center\"}}]}]},{\"name\":\"\",\"type\":\"row\",\"props\":{\"fixed_width\":\"large\",\"breakpoint\":\"m\",\"layout\":\",\"},\"children\":[{\"name\":\"\",\"type\":\"column\",\"props\":{\"widths\":[\"\"],\"image_position\":\"center-center\"},\"children\":[{\"name\":\"\",\"type\":\"text\",\"props\":{\"margin\":\"default\",\"column_breakpoint\":\"m\",\"content\":\"\n\n<p style=\\\"text-align: justify;\\\">Vous \\u00eates une soci\\u00e9t\\u00e9 non \\u00e9tablie dans l'Union europ\\u00e9enne, vous devez engager des op\\u00e9rations taxables (soumises \\u00e0 la TVA) dans l'un des \\u00c9tats membres de l'Union europ\\u00e9enne.<\\\/p>\\n\n\n<p style=\\\"text-align: justify;\\\">La directive europ\\u00e9enne 2006\\\/112\\\/CE oblige les soci\\u00e9t\\u00e9s tierces qui r\\u00e9alisent des op\\u00e9rations taxables en Europe \\u00e0 utiliser les services d'un repr\\u00e9sentant fiscal pour prendre en charge toutes les formalit\\u00e9s fiscales et administratives.<\\\/p>\\n\n\n<p style=\\\"text-align: justify;\\\">L'Union europ\\u00e9enne a mis en place cette obligation pour garantir un gage de qualit\\u00e9 et s\\u00e9curiser la gestion de la TVA. Le repr\\u00e9sentant est en charge d'assurer la conformit\\u00e9 fiscale de la soci\\u00e9t\\u00e9 tierce, de v\\u00e9rifier les flux de marchandises et de facturation, et de d\\u00e9poser les d\\u00e9clarations de TVA en bonne et due forme. Le repr\\u00e9sentant engage sa responsabilit\\u00e9 aupr\\u00e8s des services des imp\\u00f4ts. Son service inclut :<\\\/p>\\n\n\n<ul class=\\\"list\\\">\\n\n\n<li>L\\u2019identification fiscale de votre soci\\u00e9t\\u00e9 pour obtenir un num\\u00e9ro de TVA<\\\/li>\\n\n\n<li>La v\\u00e9rification et le traitement de vos documents fiscaux<\\\/li>\\n\n\n<li>L\\u2019\\u00e9tablissement des d\\u00e9clarations de TVA locales La saisie et le d\\u00e9p\\u00f4t des D\\u00e9clarations d\\u2019\\u00e9changes de biens et\\\/ou de services \\\/ Intrastats<\\\/li>\\n\n\n<li>La gestion des demandes de remboursement de TVA<\\\/li>\\n\n\n<li>Vous Assister en cas de contr\\u00f4le fiscal<\\\/li>\\n\n\n<li>Le lien entre la soci\\u00e9t\\u00e9 tierce et les administrations locales<\\\/li>\\n\n\n<li>Le suivi des r\\u00e9glementations fiscales europ\\u00e9ennes et locales<\\\/li>\\n<\\\/ul>\",\"column\":\"\"}}]},{\"name\":\"\",\"type\":\"column\",\"props\":{\"widths\":[\"\"],\"image_position\":\"center-center\"},\"children\":[{\"name\":\"\",\"type\":\"headline\",\"props\":{\"title_element\":\"h3\",\"content\":\"LES NOTIONS \\u00c0 RETENIR\",\"title_style\":\"\",\"title_decoration\":\"bullet\",\"title_color\":\"\"}},{\"name\":\"\",\"type\":\"image\",\"props\":{\"margin\":\"default\",\"image\":\"wp-content\\\/uploads\\\/2018\\\/01\\\/30884b1cd.jpg\",\"image_alt\":\"Repr\\u00e9sentation fiscale\"}},{\"name\":\"\",\"type\":\"list\",\"props\":{\"show_image\":true,\"show_link\":true,\"image_align\":\"left\",\"image_height\":\"60\",\"content_style\":\"\"},\"children\":[{\"name\":\"\",\"type\":\"list_item\",\"props\":{\"image\":\"wp-content\\\/uploads\\\/2018\\\/01\\\/393f97a3.png\",\"content\":\"Le repr\\u00e9sentant fiscal se charge d'immatriculer \\u00e0 la TVA la soci\\u00e9t\\u00e9 tierce en Europe.\"}},{\"name\":\"\",\"type\":\"list_item\",\"props\":{\"image\":\"wp-content\\\/uploads\\\/2018\\\/01\\\/47d851ad.png\",\"content\":\"La repr\\u00e9sentation fiscale vous permet d'op\\u00e9rer comme une soci\\u00e9t\\u00e9 europ\\u00e9enne, sans les contraintes.\"}}]}]}]}]},{\"name\":\"Call to action\",\"type\":\"section\",\"props\":{\"style\":\"muted\",\"width\":\"\",\"vertical_align\":\"middle\",\"title_position\":\"top-left\",\"title_rotation\":\"left\",\"title_breakpoint\":\"xl\",\"image_position\":\"center-center\"},\"children\":[{\"name\":\"\",\"type\":\"row\",\"props\":{\"fixed_width\":\"large\",\"breakpoint\":\"m\",\"layout\":\",\",\"gutter\":\"large\",\"divider\":true,\"width\":\"default\"},\"children\":[{\"name\":\"\",\"type\":\"column\",\"props\":{\"widths\":[\"\"],\"image_position\":\"center-center\"},\"children\":[{\"name\":\"\",\"type\":\"headline\",\"props\":{\"title_element\":\"h5\",\"content\":\"Vous avez besoin d'un repr\\u00e9sentant fiscale ?<br \\\/><strong>Vous souhaitez cr\\u00e9er une soci\\u00e9t\\u00e9 ?<\\\/strong>\",\"text_align\":\"center\",\"title_style\":\"h3\",\"animation\":\"slide-left-medium\",\"text_align_breakpoint\":\"m\",\"text_align_fallback\":\"center\"}}]},{\"name\":\"\",\"type\":\"column\",\"props\":{\"widths\":[\"\"],\"image_position\":\"center-center\"},\"children\":[{\"name\":\"\",\"type\":\"button\",\"props\":{\"gutter\":\"small\",\"margin\":\"default\",\"button_size\":\"large\",\"text_align\":\"center\",\"animation\":\"slide-left-medium\",\"text_align_breakpoint\":\"m\",\"text_align_fallback\":\"center\"},\"children\":[{\"name\":\"\",\"type\":\"button_item\",\"props\":{\"button_style\":\"primary\",\"icon_align\":\"left\",\"content\":\"Contactez-nous\",\"link\":\"contact\\\/\",\"link_target\":\"blank\"}}]}]}]}]},{\"name\":\"\",\"type\":\"section\",\"props\":{\"style\":\"default\",\"width\":\"default\",\"vertical_align\":\"middle\",\"title_position\":\"top-left\",\"title_rotation\":\"left\",\"title_breakpoint\":\"xl\",\"image_position\":\"center-center\",\"image\":\"wp-content\\\/uploads\\\/2017\\\/12\\\/background-mandataires.jpg\",\"image_size\":\"cover\",\"text_color\":\"light\",\"image_effect\":\"fixed\"},\"children\":[{\"name\":\"\",\"type\":\"row\",\"props\":{\"fixed_width\":\"large\",\"breakpoint\":\"m\",\"layout\":\"1-1\"},\"children\":[{\"name\":\"\",\"type\":\"column\",\"props\":{\"widths\":[\"1-1\"],\"image_position\":\"center-center\"},\"children\":[{\"name\":\"\",\"type\":\"headline\",\"props\":{\"title_element\":\"h2\",\"content\":\"Ce que ASD Group peut faire pour vous\",\"text_align\":\"center\"}},{\"name\":\"\",\"type\":\"divider\",\"props\":{\"divider_element\":\"hr\",\"divider_style\":\"icon\",\"maxwidth\":\"medium\",\"maxwidth_align\":\"center\"}}]}]},{\"name\":\"\",\"type\":\"row\",\"props\":{\"fixed_width\":\"large\",\"breakpoint\":\"m\",\"layout\":\",2-3\",\"vertical_align\":true},\"children\":[{\"name\":\"\",\"type\":\"column\",\"props\":{\"widths\":[\"\"],\"image_position\":\"center-center\"},\"children\":[{\"name\":\"\",\"type\":\"text\",\"props\":{\"margin\":\"default\",\"column_breakpoint\":\"m\",\"content\":\"\n\n<p>En tant que votre repr\\u00e9sentant fiscal, ASD Group sera l'interlocuteur privil\\u00e9gi\\u00e9 des administrations fiscales et douani\\u00e8res pour r\\u00e9pondre \\u00e0 toute question vous concernant, et d\\u00e9fendra vos int\\u00e9r\\u00eats aupr\\u00e8s des administrations fiscales en France et en collaboration avec nos partenaires dans 24 pays dans le monde.<\\\/p>\\n\n\n<p>Les experts d'ASD Group sont \\u00e0 votre disposition pour simplifier le traitement de vos op\\u00e9rations imposables \\u00e0 l\\u2019\\u00e9tranger et vous apporter une aide concr\\u00e8te pour trouver une solution aux difficult\\u00e9s rencontr\\u00e9es.<\\\/p>\",\"text_align\":\"justify\",\"text_style\":\"\"}}]},{\"name\":\"\",\"type\":\"column\",\"props\":{\"widths\":[\"2-3\"],\"image_position\":\"center-center\"},\"children\":[{\"name\":\"\",\"type\":\"grid\",\"props\":{\"show_title\":true,\"show_meta\":true,\"show_content\":true,\"show_image\":true,\"show_link\":true,\"grid_default\":\"2\",\"grid_medium\":\"3\",\"title_element\":\"h3\",\"meta_style\":\"meta\",\"meta_align\":\"bottom\",\"icon_ratio\":\"4\",\"image_align\":\"top\",\"image_grid_width\":\"1-2\",\"image_breakpoint\":\"m\",\"link_text\":\"Read more\",\"link_style\":\"default\",\"margin\":\"default\",\"grid_small\":\"2\",\"text_align\":\"center\",\"image_width\":\"74\",\"title_style\":\"h4\",\"filter_style\":\"tab\",\"filter_all\":true,\"filter_position\":\"top\",\"filter_align\":\"left\",\"filter_grid_width\":\"auto\",\"filter_breakpoint\":\"m\"},\"children\":[{\"name\":\"\",\"type\":\"grid_item\",\"props\":{\"title\":\"Obtention d'un num\\u00e9ro de TVA\",\"image\":\"wp-content\\\/uploads\\\/2017\\\/12\\\/55d22833.png\",\"content\":\"\n\n<p>Recommendation de l'option \\u00e0 mettre en place pour votre activit\\u00e9 au Maroc<\\\/p>\"}},{\"name\":\"\",\"type\":\"grid_item\",\"props\":{\"title\":\"Analyse et contr\\u00f4le\",\"image\":\"wp-content\\\/uploads\\\/2018\\\/01\\\/525271ce.png\",\"content\":\"Analyse et contr\\u00f4le mensuel de toutes les factures d'achats et de ventes en Europe\"}},{\"name\":\"\",\"type\":\"grid_item\",\"props\":{\"title\":\"D\\u00e9p\\u00f4t des d\\u00e9clarations de TVA\",\"image\":\"wp-content\\\/uploads\\\/2017\\\/12\\\/560a8f55.png\",\"content\":\"Etablissement et d\\u00e9p\\u00f4t des d\\u00e9clarations de TVA au rythme d\\u00e9clarative du pays\"}},{\"name\":\"\",\"type\":\"grid_item\",\"props\":{\"title\":\"Intrastat\",\"image\":\"wp-content\\\/uploads\\\/2017\\\/12\\\/51d8741a.png\",\"content\":\"D\\u00e9p\\u00f4t des d\\u00e9clarations Intrastat si les seuils sont d\\u00e9pass\\u00e9s\"}},{\"name\":\"\",\"type\":\"grid_item\",\"props\":{\"title\":\"Assistance\",\"image\":\"wp-content\\\/uploads\\\/2018\\\/01\\\/5007644f.png\",\"content\":\"Assistance lors d\\u2019un contr\\u00f4le fiscal ou douanier\"}},{\"name\":\"\",\"type\":\"grid_item\",\"props\":{\"title\":\"Accompagnement multilingue\",\"image\":\"wp-content\\\/uploads\\\/2017\\\/12\\\/51a12c0a.png\",\"content\":\"Un interlocuteur unique parlant votre langue suit votre dossier de A \\u00e0 Z\"}}]}]}]}]}]} --><\/p>\n","protected":false},"excerpt":{"rendered":"<p>D\u00e9finition du repr\u00e9sentant fiscal Le repr\u00e9sentant fiscal est d\u00e9sign\u00e9 par les soci\u00e9t\u00e9s assujetties \u00e9tablies hors Union europ\u00e9enne afin d\u2019assurer la prise en charge de toutes&#8230;<\/p>\n","protected":false},"author":36,"featured_media":0,"parent":0,"menu_order":0,"comment_status":"closed","ping_status":"closed","template":"","meta":{"_eb_attr":"","_lmt_disableupdate":"","_lmt_disable":"","footnotes":""},"class_list":["post-27256","page","type-page","status-publish","hentry"],"yoast_head":"<!-- This site is optimized with the Yoast SEO plugin v27.4 - https:\/\/yoast.com\/product\/yoast-seo-wordpress\/ -->\n<title>test<\/title>\n<meta name=\"robots\" content=\"index, follow, max-snippet:-1, max-image-preview:large, max-video-preview:-1\" \/>\n<link rel=\"canonical\" href=\"https:\/\/www.asd-int.com\/nl\/test\/\" \/>\n<meta property=\"og:locale\" content=\"nl_NL\" \/>\n<meta property=\"og:type\" content=\"article\" \/>\n<meta property=\"og:title\" content=\"test\" \/>\n<meta property=\"og:description\" content=\"D\u00e9finition du repr\u00e9sentant fiscal Le repr\u00e9sentant fiscal est d\u00e9sign\u00e9 par les soci\u00e9t\u00e9s assujetties \u00e9tablies hors Union europ\u00e9enne afin d\u2019assurer la prise en charge de toutes...\" \/>\n<meta property=\"og:url\" content=\"https:\/\/www.asd-int.com\/nl\/test\/\" \/>\n<meta property=\"og:site_name\" content=\"ASD\" \/>\n<meta property=\"article:modified_time\" content=\"2019-03-18T13:54:32+00:00\" \/>\n<meta property=\"og:image\" content=\"https:\/\/www.asd-int.com\/wp-content\/uploads\/2020\/07\/Logo-ASD_noir.png\" \/>\n\t<meta property=\"og:image:width\" content=\"1054\" \/>\n\t<meta property=\"og:image:height\" content=\"714\" \/>\n\t<meta property=\"og:image:type\" content=\"image\/png\" \/>\n<meta name=\"twitter:card\" content=\"summary_large_image\" \/>\n<meta name=\"twitter:label1\" content=\"Geschatte leestijd\" \/>\n\t<meta name=\"twitter:data1\" content=\"3 minuten\" \/>\n<script type=\"application\/ld+json\" class=\"yoast-schema-graph\">{\"@context\":\"https:\\\/\\\/schema.org\",\"@graph\":[{\"@type\":\"WebPage\",\"@id\":\"https:\\\/\\\/www.asd-int.com\\\/nl\\\/test\\\/\",\"url\":\"https:\\\/\\\/www.asd-int.com\\\/nl\\\/test\\\/\",\"name\":\"test\",\"isPartOf\":{\"@id\":\"https:\\\/\\\/www.asd-int.com\\\/nl\\\/#website\"},\"datePublished\":\"2019-03-18T13:53:24+00:00\",\"dateModified\":\"2019-03-18T13:54:32+00:00\",\"breadcrumb\":{\"@id\":\"https:\\\/\\\/www.asd-int.com\\\/nl\\\/test\\\/#breadcrumb\"},\"inLanguage\":\"nl-NL\",\"potentialAction\":[{\"@type\":\"ReadAction\",\"target\":[\"https:\\\/\\\/www.asd-int.com\\\/nl\\\/test\\\/\"]}]},{\"@type\":\"BreadcrumbList\",\"@id\":\"https:\\\/\\\/www.asd-int.com\\\/nl\\\/test\\\/#breadcrumb\",\"itemListElement\":[{\"@type\":\"ListItem\",\"position\":1,\"name\":\"ASD Group\",\"item\":\"https:\\\/\\\/www.asd-int.com\\\/nl\\\/\"},{\"@type\":\"ListItem\",\"position\":2,\"name\":\"test\"}]},{\"@type\":\"WebSite\",\"@id\":\"https:\\\/\\\/www.asd-int.com\\\/nl\\\/#website\",\"url\":\"https:\\\/\\\/www.asd-int.com\\\/nl\\\/\",\"name\":\"ASD\",\"description\":\"Vereenvoudig uw internationale ontwikkeling\",\"publisher\":{\"@id\":\"https:\\\/\\\/www.asd-int.com\\\/nl\\\/#organization\"},\"potentialAction\":[{\"@type\":\"SearchAction\",\"target\":{\"@type\":\"EntryPoint\",\"urlTemplate\":\"https:\\\/\\\/www.asd-int.com\\\/nl\\\/?s={search_term_string}\"},\"query-input\":{\"@type\":\"PropertyValueSpecification\",\"valueRequired\":true,\"valueName\":\"search_term_string\"}}],\"inLanguage\":\"nl-NL\"},{\"@type\":\"Organization\",\"@id\":\"https:\\\/\\\/www.asd-int.com\\\/nl\\\/#organization\",\"name\":\"ASD Group\",\"url\":\"https:\\\/\\\/www.asd-int.com\\\/nl\\\/\",\"logo\":{\"@type\":\"ImageObject\",\"inLanguage\":\"nl-NL\",\"@id\":\"https:\\\/\\\/www.asd-int.com\\\/nl\\\/#\\\/schema\\\/logo\\\/image\\\/\",\"url\":\"https:\\\/\\\/www.asd-int.com\\\/wp-content\\\/uploads\\\/2020\\\/07\\\/Logo-ASD_noir.png\",\"contentUrl\":\"https:\\\/\\\/www.asd-int.com\\\/wp-content\\\/uploads\\\/2020\\\/07\\\/Logo-ASD_noir.png\",\"width\":1054,\"height\":714,\"caption\":\"ASD Group\"},\"image\":{\"@id\":\"https:\\\/\\\/www.asd-int.com\\\/nl\\\/#\\\/schema\\\/logo\\\/image\\\/\"}}]}<\/script>\n<!-- \/ Yoast SEO plugin. -->","yoast_head_json":{"title":"test","robots":{"index":"index","follow":"follow","max-snippet":"max-snippet:-1","max-image-preview":"max-image-preview:large","max-video-preview":"max-video-preview:-1"},"canonical":"https:\/\/www.asd-int.com\/nl\/test\/","og_locale":"nl_NL","og_type":"article","og_title":"test","og_description":"D\u00e9finition du repr\u00e9sentant fiscal Le repr\u00e9sentant fiscal est d\u00e9sign\u00e9 par les soci\u00e9t\u00e9s assujetties \u00e9tablies hors Union europ\u00e9enne afin d\u2019assurer la prise en charge de toutes...","og_url":"https:\/\/www.asd-int.com\/nl\/test\/","og_site_name":"ASD","article_modified_time":"2019-03-18T13:54:32+00:00","og_image":[{"width":1054,"height":714,"url":"https:\/\/www.asd-int.com\/wp-content\/uploads\/2020\/07\/Logo-ASD_noir.png","type":"image\/png"}],"twitter_card":"summary_large_image","twitter_misc":{"Geschatte leestijd":"3 minuten"},"schema":{"@context":"https:\/\/schema.org","@graph":[{"@type":"WebPage","@id":"https:\/\/www.asd-int.com\/nl\/test\/","url":"https:\/\/www.asd-int.com\/nl\/test\/","name":"test","isPartOf":{"@id":"https:\/\/www.asd-int.com\/nl\/#website"},"datePublished":"2019-03-18T13:53:24+00:00","dateModified":"2019-03-18T13:54:32+00:00","breadcrumb":{"@id":"https:\/\/www.asd-int.com\/nl\/test\/#breadcrumb"},"inLanguage":"nl-NL","potentialAction":[{"@type":"ReadAction","target":["https:\/\/www.asd-int.com\/nl\/test\/"]}]},{"@type":"BreadcrumbList","@id":"https:\/\/www.asd-int.com\/nl\/test\/#breadcrumb","itemListElement":[{"@type":"ListItem","position":1,"name":"ASD Group","item":"https:\/\/www.asd-int.com\/nl\/"},{"@type":"ListItem","position":2,"name":"test"}]},{"@type":"WebSite","@id":"https:\/\/www.asd-int.com\/nl\/#website","url":"https:\/\/www.asd-int.com\/nl\/","name":"ASD","description":"Vereenvoudig uw internationale ontwikkeling","publisher":{"@id":"https:\/\/www.asd-int.com\/nl\/#organization"},"potentialAction":[{"@type":"SearchAction","target":{"@type":"EntryPoint","urlTemplate":"https:\/\/www.asd-int.com\/nl\/?s={search_term_string}"},"query-input":{"@type":"PropertyValueSpecification","valueRequired":true,"valueName":"search_term_string"}}],"inLanguage":"nl-NL"},{"@type":"Organization","@id":"https:\/\/www.asd-int.com\/nl\/#organization","name":"ASD Group","url":"https:\/\/www.asd-int.com\/nl\/","logo":{"@type":"ImageObject","inLanguage":"nl-NL","@id":"https:\/\/www.asd-int.com\/nl\/#\/schema\/logo\/image\/","url":"https:\/\/www.asd-int.com\/wp-content\/uploads\/2020\/07\/Logo-ASD_noir.png","contentUrl":"https:\/\/www.asd-int.com\/wp-content\/uploads\/2020\/07\/Logo-ASD_noir.png","width":1054,"height":714,"caption":"ASD Group"},"image":{"@id":"https:\/\/www.asd-int.com\/nl\/#\/schema\/logo\/image\/"}}]}},"_links":{"self":[{"href":"https:\/\/www.asd-int.com\/nl\/wp-json\/wp\/v2\/pages\/27256","targetHints":{"allow":["GET"]}}],"collection":[{"href":"https:\/\/www.asd-int.com\/nl\/wp-json\/wp\/v2\/pages"}],"about":[{"href":"https:\/\/www.asd-int.com\/nl\/wp-json\/wp\/v2\/types\/page"}],"author":[{"embeddable":true,"href":"https:\/\/www.asd-int.com\/nl\/wp-json\/wp\/v2\/users\/36"}],"replies":[{"embeddable":true,"href":"https:\/\/www.asd-int.com\/nl\/wp-json\/wp\/v2\/comments?post=27256"}],"version-history":[{"count":0,"href":"https:\/\/www.asd-int.com\/nl\/wp-json\/wp\/v2\/pages\/27256\/revisions"}],"wp:attachment":[{"href":"https:\/\/www.asd-int.com\/nl\/wp-json\/wp\/v2\/media?parent=27256"}],"curies":[{"name":"wp","href":"https:\/\/api.w.org\/{rel}","templated":true}]}}